{"id":7,"date":"2021-08-11T07:24:32","date_gmt":"2021-08-11T07:24:32","guid":{"rendered":"https:\/\/carmengsomavilla.com\/?page_id=7"},"modified":"2023-02-02T19:53:01","modified_gmt":"2023-02-02T19:53:01","slug":"info","status":"publish","type":"page","link":"https:\/\/carmengsomavilla.com\/index.php\/info\/","title":{"rendered":"Info"},"content":{"rendered":"\t\t<div data-elementor-type=\"wp-page\" data-elementor-id=\"7\" class=\"elementor elementor-7\">\n\t\t\t\t\t\t<section class=\"elementor-section elementor-top-section elementor-element elementor-element-a2a7273 elementor-hidden-tablet elementor-hidden-mobile elementor-section-boxed elementor-section-height-default elementor-section-height-default\" data-id=\"a2a7273\" data-element_type=\"section\">\n\t\t\t\t\t\t<div class=\"elementor-container elementor-column-gap-default\">\n\t\t\t\t\t<div class=\"elementor-column elementor-col-50 elementor-top-column elementor-element elementor-element-63ce310\" data-id=\"63ce310\" data-element_type=\"column\">\n\t\t\t<div class=\"elementor-widget-wrap elementor-element-populated\">\n\t\t\t\t\t\t<div class=\"elementor-element elementor-element-55e9c0d elementor-widget elementor-widget-image\" data-id=\"55e9c0d\" data-element_type=\"widget\" data-widget_type=\"image.default\">\n\t\t\t\t<div class=\"elementor-widget-container\">\n\t\t\t<style>\/*! elementor - v3.20.0 - 20-03-2024 *\/\n.elementor-widget-image{text-align:center}.elementor-widget-image a{display:inline-block}.elementor-widget-image a img[src$=\".svg\"]{width:48px}.elementor-widget-image img{vertical-align:middle;display:inline-block}<\/style>\t\t\t\t\t\t\t\t\t\t\t<a href=\"https:\/\/carmengsomavilla.com\/wp-content\/uploads\/2022\/07\/Carmen-Gutierrez-Somavilla.pdf\" target=\"_blank\">\n\t\t\t\t\t\t\t<img decoding=\"async\" src=\"https:\/\/carmengsomavilla.com\/wp-content\/uploads\/2022\/07\/Autorretrato_03-scaled-e1658385920637.jpg\" title=\"Info\" alt=\"Info\" loading=\"lazy\" \/>\t\t\t\t\t\t\t\t<\/a>\n\t\t\t\t\t\t\t\t\t\t\t\t\t<\/div>\n\t\t\t\t<\/div>\n\t\t\t\t\t<\/div>\n\t\t<\/div>\n\t\t\t\t<div class=\"elementor-column elementor-col-50 elementor-top-column elementor-element elementor-element-06f8c56 elementor-hidden-mobile\" data-id=\"06f8c56\" data-element_type=\"column\">\n\t\t\t<div class=\"elementor-widget-wrap elementor-element-populated\">\n\t\t\t\t\t\t<div class=\"elementor-element elementor-element-479c200 elementor-widget elementor-widget-text-editor\" data-id=\"479c200\" data-element_type=\"widget\" data-widget_type=\"text-editor.default\">\n\t\t\t\t<div class=\"elementor-widget-container\">\n\t\t\t<style>\/*! elementor - v3.20.0 - 20-03-2024 *\/\n.elementor-widget-text-editor.elementor-drop-cap-view-stacked .elementor-drop-cap{background-color:#69727d;color:#fff}.elementor-widget-text-editor.elementor-drop-cap-view-framed .elementor-drop-cap{color:#69727d;border:3px solid;background-color:transparent}.elementor-widget-text-editor:not(.elementor-drop-cap-view-default) .elementor-drop-cap{margin-top:8px}.elementor-widget-text-editor:not(.elementor-drop-cap-view-default) .elementor-drop-cap-letter{width:1em;height:1em}.elementor-widget-text-editor .elementor-drop-cap{float:left;text-align:center;line-height:1;font-size:50px}.elementor-widget-text-editor .elementor-drop-cap-letter{display:inline-block}<\/style>\t\t\t\t<p>\u00a1Hola!<\/p><p>Soy Carmen, dise\u00f1adora gr\u00e1fica e ilustradora.<\/p><p>Creo que siempre he dibujado y experimentado con materiales para hacer cosas (\u00fatiles e in\u00fatiles). Probablemente los discos de mis hermanos, las revistas de m\u00fasica y los cat\u00e1logos del buz\u00f3n influyeron en mi inter\u00e9s por el dise\u00f1o gr\u00e1fico, aunque mi formaci\u00f3n empez\u00f3 por el Arte, especializ\u00e1ndome en pintura y dibujo,\u00a0 quiz\u00e1 lo que m\u00e1s me gusta hacer en este mundo.<\/p><p>He vivido en varios sitios y he aprendido de muchas personas que me han ayudado a construir mi forma de trabajar, combinando arte y dise\u00f1o en una balanza que se bascula con cada proyecto, cada cliente, lugar, o circunstancia.<\/p><p>Disfruto con cada nuevo proyecto, porque es\u00a0 emocionante y me gusta este trabajo porque me permite ofrecer un servicio a partir de lo que m\u00e1s me gusta y he hecho siempre, que es imaginar, seleccionar, combinar, ordenar y, finalmente, comunicar.<\/p>\t\t\t\t\t\t<\/div>\n\t\t\t\t<\/div>\n\t\t\t\t\t<\/div>\n\t\t<\/div>\n\t\t\t\t\t<\/div>\n\t\t<\/section>\n\t\t\t\t<section class=\"elementor-section elementor-top-section elementor-element elementor-element-8d93906 elementor-hidden-desktop elementor-hidden-mobile elementor-section-boxed elementor-section-height-default elementor-section-height-default\" data-id=\"8d93906\" data-element_type=\"section\">\n\t\t\t\t\t\t<div class=\"elementor-container elementor-column-gap-default\">\n\t\t\t\t\t<div class=\"elementor-column elementor-col-50 elementor-top-column elementor-element elementor-element-143f734\" data-id=\"143f734\" data-element_type=\"column\">\n\t\t\t<div class=\"elementor-widget-wrap elementor-element-populated\">\n\t\t\t\t\t\t<div class=\"elementor-element elementor-element-f274b8d elementor-widget elementor-widget-image\" data-id=\"f274b8d\" data-element_type=\"widget\" data-widget_type=\"image.default\">\n\t\t\t\t<div class=\"elementor-widget-container\">\n\t\t\t\t\t\t\t\t\t\t\t\t\t\t<a href=\"https:\/\/carmengsomavilla.com\/wp-content\/uploads\/2022\/07\/Carmen-Gutierrez-Somavilla.pdf\" target=\"_blank\">\n\t\t\t\t\t\t\t<img decoding=\"async\" src=\"https:\/\/carmengsomavilla.com\/wp-content\/uploads\/2022\/07\/Autorretrato_03-scaled-e1658385920637.jpg\" title=\"Info\" alt=\"Info\" loading=\"lazy\" \/>\t\t\t\t\t\t\t\t<\/a>\n\t\t\t\t\t\t\t\t\t\t\t\t\t<\/div>\n\t\t\t\t<\/div>\n\t\t\t\t\t<\/div>\n\t\t<\/div>\n\t\t\t\t<div class=\"elementor-column elementor-col-50 elementor-top-column elementor-element elementor-element-a094a28\" data-id=\"a094a28\" data-element_type=\"column\">\n\t\t\t<div class=\"elementor-widget-wrap elementor-element-populated\">\n\t\t\t\t\t\t<div class=\"elementor-element elementor-element-2adeeaf elementor-widget elementor-widget-text-editor\" data-id=\"2adeeaf\" data-element_type=\"widget\" data-widget_type=\"text-editor.default\">\n\t\t\t\t<div class=\"elementor-widget-container\">\n\t\t\t\t\t\t\t<p>\u00a1Hola!<\/p><p>Soy Carmen, dise\u00f1adora gr\u00e1fica e ilustradora.<\/p><p>Creo que siempre he dibujado y experimentado con materiales para hacer cosas (\u00fatiles e in\u00fatiles). Probablemente los discos de mis hermanos, las revistas de m\u00fasica y los cat\u00e1logos del buz\u00f3n influyeron en mi inter\u00e9s por el dise\u00f1o gr\u00e1fico, aunque mi formaci\u00f3n empez\u00f3 por el Arte, especializ\u00e1ndome en pintura y dibujo,\u00a0 quiz\u00e1 lo que m\u00e1s me gusta hacer en este mundo.<\/p><p>He vivido en varios sitios y he aprendido de muchas personas que me han ayudado a construir mi forma de trabajar, combinando arte y dise\u00f1o en una balanza que se bascula con cada proyecto, cada cliente, lugar, o circunstancia.<\/p><p>Disfruto con cada nuevo proyecto, porque es\u00a0 emocionante y me gusta este trabajo porque me permite ofrecer un servicio a partir de lo que m\u00e1s me gusta y he hecho siempre, que es imaginar, seleccionar, combinar, ordenar y, finalmente, comunicar.<\/p>\t\t\t\t\t\t<\/div>\n\t\t\t\t<\/div>\n\t\t\t\t\t<\/div>\n\t\t<\/div>\n\t\t\t\t\t<\/div>\n\t\t<\/section>\n\t\t\t\t<section class=\"elementor-section elementor-top-section elementor-element elementor-element-4a30079 elementor-hidden-desktop elementor-hidden-tablet elementor-section-boxed elementor-section-height-default elementor-section-height-default\" data-id=\"4a30079\" data-element_type=\"section\">\n\t\t\t\t\t\t<div class=\"elementor-container elementor-column-gap-default\">\n\t\t\t\t\t<div class=\"elementor-column elementor-col-50 elementor-top-column elementor-element elementor-element-edbe914\" data-id=\"edbe914\" data-element_type=\"column\">\n\t\t\t<div class=\"elementor-widget-wrap elementor-element-populated\">\n\t\t\t\t\t\t<div class=\"elementor-element elementor-element-7a76c1b elementor-widget elementor-widget-image\" data-id=\"7a76c1b\" data-element_type=\"widget\" data-widget_type=\"image.default\">\n\t\t\t\t<div class=\"elementor-widget-container\">\n\t\t\t\t\t\t\t\t\t\t\t\t\t\t<a href=\"https:\/\/carmengsomavilla.com\/wp-content\/uploads\/2022\/07\/Carmen-Gutierrez-Somavilla.pdf\" target=\"_blank\">\n\t\t\t\t\t\t\t<img decoding=\"async\" src=\"https:\/\/carmengsomavilla.com\/wp-content\/uploads\/2022\/07\/Autorretrato_03-scaled-e1658385920637.jpg\" title=\"Info\" alt=\"Info\" loading=\"lazy\" \/>\t\t\t\t\t\t\t\t<\/a>\n\t\t\t\t\t\t\t\t\t\t\t\t\t<\/div>\n\t\t\t\t<\/div>\n\t\t\t\t\t<\/div>\n\t\t<\/div>\n\t\t\t\t<div class=\"elementor-column elementor-col-50 elementor-top-column elementor-element elementor-element-df5f6e9\" data-id=\"df5f6e9\" data-element_type=\"column\">\n\t\t\t<div class=\"elementor-widget-wrap elementor-element-populated\">\n\t\t\t\t\t\t<div class=\"elementor-element elementor-element-367fc32 elementor-widget elementor-widget-text-editor\" data-id=\"367fc32\" data-element_type=\"widget\" data-widget_type=\"text-editor.default\">\n\t\t\t\t<div class=\"elementor-widget-container\">\n\t\t\t\t\t\t\t<p style=\"text-align: center;\">\u00a1Hola!<\/p><p style=\"text-align: center;\">Soy Carmen, dise\u00f1adora gr\u00e1fica e ilustradora.<\/p><p style=\"text-align: center;\">Creo que siempre he dibujado y experimentado con materiales para hacer cosas (\u00fatiles e in\u00fatiles). Probablemente los discos de mis hermanos, las revistas de m\u00fasica y los cat\u00e1logos del buz\u00f3n influyeron en mi inter\u00e9s por el dise\u00f1o gr\u00e1fico, aunque mi formaci\u00f3n empez\u00f3 por el Arte, especializ\u00e1ndome en pintura y dibujo,\u00a0 quiz\u00e1 lo que m\u00e1s me gusta hacer en este mundo.<\/p><p style=\"text-align: center;\">He vivido en varios sitios y he aprendido de muchas personas que me han ayudado a construir mi forma de trabajar, combinando arte y dise\u00f1o en una balanza que se bascula con cada proyecto, cada cliente, lugar, o circunstancia.<\/p><p style=\"text-align: center;\">Disfruto con cada nuevo proyecto, porque es\u00a0 emocionante y me gusta este trabajo porque me permite ofrecer un servicio a partir de lo que m\u00e1s me gusta y he hecho siempre, que es imaginar, seleccionar, combinar, ordenar y, finalmente, comunicar.<\/p>\t\t\t\t\t\t<\/div>\n\t\t\t\t<\/div>\n\t\t\t\t\t<\/div>\n\t\t<\/div>\n\t\t\t\t\t<\/div>\n\t\t<\/section>\n\t\t\t\t<\/div>\n\t\t","protected":false},"excerpt":{"rendered":"<p>\u00a1Hola! Soy Carmen, dise\u00f1adora gr\u00e1fica e ilustradora. Creo que siempre he dibujado y experimentado con materiales para hacer cosas (\u00fatiles e in\u00fatiles). Probablemente los discos de mis hermanos, las revistas de m\u00fasica y los cat\u00e1logos del buz\u00f3n influyeron en mi inter\u00e9s por el dise\u00f1o gr\u00e1fico, aunque mi formaci\u00f3n empez\u00f3 por el Arte, especializ\u00e1ndome en pintura &hellip;<\/p>\n<p class=\"read-more\"> <a class=\"\" href=\"https:\/\/carmengsomavilla.com\/index.php\/info\/\"> <span class=\"screen-reader-text\">Info<\/span> Leer m\u00e1s &raquo;<\/a><\/p>\n","protected":false},"author":1,"featured_media":219,"parent":0,"menu_order":0,"comment_status":"closed","ping_status":"closed","template":"elementor_header_footer","meta":{"om_disable_all_campaigns":false,"_monsterinsights_skip_tracking":false,"_monsterinsights_sitenote_active":false,"_monsterinsights_sitenote_note":"","_monsterinsights_sitenote_category":0,"site-sidebar-layout":"default","site-content-layout":"default","ast-main-header-display":"","ast-hfb-above-header-display":"","ast-hfb-below-header-display":"","ast-hfb-mobile-header-display":"","site-post-title":"","ast-breadcrumbs-content":"","ast-featured-img":"","footer-sml-layout":"","theme-transparent-header-meta":"","adv-header-id-meta":"","stick-header-meta":"","header-above-stick-meta":"","header-main-stick-meta":"","header-below-stick-meta":"","footnotes":""},"aioseo_notices":[],"_links":{"self":[{"href":"https:\/\/carmengsomavilla.com\/index.php\/wp-json\/wp\/v2\/pages\/7"}],"collection":[{"href":"https:\/\/carmengsomavilla.com\/index.php\/wp-json\/wp\/v2\/pages"}],"about":[{"href":"https:\/\/carmengsomavilla.com\/index.php\/wp-json\/wp\/v2\/types\/page"}],"author":[{"embeddable":true,"href":"https:\/\/carmengsomavilla.com\/index.php\/wp-json\/wp\/v2\/users\/1"}],"replies":[{"embeddable":true,"href":"https:\/\/carmengsomavilla.com\/index.php\/wp-json\/wp\/v2\/comments?post=7"}],"version-history":[{"count":46,"href":"https:\/\/carmengsomavilla.com\/index.php\/wp-json\/wp\/v2\/pages\/7\/revisions"}],"predecessor-version":[{"id":2584,"href":"https:\/\/carmengsomavilla.com\/index.php\/wp-json\/wp\/v2\/pages\/7\/revisions\/2584"}],"wp:featuredmedia":[{"embeddable":true,"href":"https:\/\/carmengsomavilla.com\/index.php\/wp-json\/wp\/v2\/media\/219"}],"wp:attachment":[{"href":"https:\/\/carmengsomavilla.com\/index.php\/wp-json\/wp\/v2\/media?parent=7"}],"curies":[{"name":"wp","href":"https:\/\/api.w.org\/{rel}","templated":true}]}}